{"id":130,"date":"2017-10-09T14:28:51","date_gmt":"2017-10-09T14:28:51","guid":{"rendered":"http:\/\/klaara.devel-2046.cz\/works\/take-me-home\/"},"modified":"2018-06-24T13:43:08","modified_gmt":"2018-06-24T13:43:08","slug":"take-me-home","status":"publish","type":"page","link":"https:\/\/klaara.net\/cs\/works\/take-me-home\/","title":{"rendered":"Take me home"},"content":{"rendered":"<p>Samolepky s\u00a0kr\u00e1tk\u00fdmi texty jsou lepeny na produkty v\u00a0obchodech, kupuj\u00edc\u00ed se pak nev\u011bdom\u011b st\u00e1vaj\u00ed majiteli &#8220;um\u011bleck\u00e9ho artefaktu&#8220;.<br \/>\nPo t\u00e9, co je obal zahozen, d\u00edlo je zni\u010deno, co\u017e odr\u00e1\u017e\u00ed pom\u00edjivost dne\u0161n\u00edho um\u011bn\u00ed, kdy je t\u00e9m\u011b\u0159 nemo\u017en\u00e9 vytvo\u0159it nad\u010dasov\u00e9 um\u011bleck\u00e9 d\u00edlo, jeliko\u017e v\u0161e se m\u011bn\u00ed p\u0159\u00edli\u0161 rychle. Sou\u010dasn\u00e1 d\u00edla jsou nep\u0159etr\u017eit\u011b nahrazov\u00e1na nov\u00fdmi \u2013 sou\u010dasn\u011bj\u0161\u00edmi. Proto jsou tak\u00e9 n\u00e1lepky lepeny na potraviny, je\u017e maj\u00ed obecn\u011b kr\u00e1tkou \u017eivotnost. Um\u011bn\u00ed jako\u017eto produkt.<\/p>\n<p>Druhou variantou bylo lepen\u00ed samolepek s n\u00e1pisem \u201eorigin\u00e1l\u201c, v\u017edy pouze na jeden kus v\u00fdrobku, na ostatn\u00ed, toto\u017en\u00e9 pak n\u00e1lepky \u201ekopie\u201c. Jako metafora na zu\u017euj\u00edc\u00ed se hranici mezi origin\u00e1ln\u00edm \u2013 p\u016fvodn\u00edm d\u00edlem\/my\u0161lenkou a jeho zda\u0159ilou kopi\u00ed. Stejn\u00fd produkt, v\u017edy pouze jeden kus se st\u00e1v\u00e1 origin\u00e1lem, zbytek jsou pouh\u00e9 kopie.<\/p>\n<p>(Realizov\u00e1no ve spolupr\u00e1ci s Janem Bl\u00ednem)<\/p>\n","protected":false},"excerpt":{"rendered":"<p>Samolepky s\u00a0kr\u00e1tk\u00fdmi texty jsou lepeny na produkty v\u00a0obchodech, kupuj\u00edc\u00ed se pak nev\u011bdom\u011b st\u00e1vaj\u00ed majiteli &#8220;um\u011bleck\u00e9ho artefaktu&#8220;. Po t\u00e9, co je obal zahozen, d\u00edlo je zni\u010deno, co\u017e odr\u00e1\u017e\u00ed pom\u00edjivost dne\u0161n\u00edho um\u011bn\u00ed, kdy je t\u00e9m\u011b\u0159 nemo\u017en\u00e9 vytvo\u0159it nad\u010dasov\u00e9 um\u011bleck\u00e9 d\u00edlo, jeliko\u017e v\u0161e se m\u011bn\u00ed p\u0159\u00edli\u0161 rychle. Sou\u010dasn\u00e1 d\u00edla jsou nep\u0159etr\u017eit\u011b nahrazov\u00e1na nov\u00fdmi \u2013 sou\u010dasn\u011bj\u0161\u00edmi. Proto jsou tak\u00e9 [&hellip;]<\/p>\n","protected":false},"author":1,"featured_media":0,"parent":70,"menu_order":38,"comment_status":"closed","ping_status":"closed","template":"","meta":{"_acf_changed":false,"footnotes":""},"class_list":["post-130","page","type-page","status-publish","hentry"],"acf":[],"_links":{"self":[{"href":"https:\/\/klaara.net\/cs\/wp-json\/wp\/v2\/pages\/130","targetHints":{"allow":["GET"]}}],"collection":[{"href":"https:\/\/klaara.net\/cs\/wp-json\/wp\/v2\/pages"}],"about":[{"href":"https:\/\/klaara.net\/cs\/wp-json\/wp\/v2\/types\/page"}],"author":[{"embeddable":true,"href":"https:\/\/klaara.net\/cs\/wp-json\/wp\/v2\/users\/1"}],"replies":[{"embeddable":true,"href":"https:\/\/klaara.net\/cs\/wp-json\/wp\/v2\/comments?post=130"}],"version-history":[{"count":4,"href":"https:\/\/klaara.net\/cs\/wp-json\/wp\/v2\/pages\/130\/revisions"}],"predecessor-version":[{"id":433,"href":"https:\/\/klaara.net\/cs\/wp-json\/wp\/v2\/pages\/130\/revisions\/433"}],"up":[{"embeddable":true,"href":"https:\/\/klaara.net\/cs\/wp-json\/wp\/v2\/pages\/70"}],"wp:attachment":[{"href":"https:\/\/klaara.net\/cs\/wp-json\/wp\/v2\/media?parent=130"}],"curies":[{"name":"wp","href":"https:\/\/api.w.org\/{rel}","templated":true}]}}